{"id":2253,"date":"2020-05-24T22:29:45","date_gmt":"2020-05-24T20:29:45","guid":{"rendered":"https:\/\/www.empathicway.pl\/online\/?post_type=product&#038;p=2253"},"modified":"2020-06-04T19:57:53","modified_gmt":"2020-06-04T17:57:53","slug":"kolory-uczuc-i-potrzeb-warsztaty-online","status":"publish","type":"product","link":"https:\/\/www.empathicway.pl\/online\/produkt\/kolory-uczuc-i-potrzeb-warsztaty-online\/","title":{"rendered":"Kolory uczu\u0107 i potrzeb &#8211; warsztaty online"},"content":{"rendered":"<p>[ZAPISY ZAKO\u0143CZONE]<\/p>\n<p>Wp\u0142a\u0107 tyle, ile chcesz, wybieraj\u0105c kwot\u0119 mi\u0119dzy 15 a 50 z\u0142.<\/p>\n<p>*****<\/p>\n<p>Zastanawiasz si\u0119, jak \u0142atwiej <strong>dotrze\u0107 do swoich uczu\u0107<\/strong> i odkry\u0107, jakie <strong>potrzeby<\/strong> si\u0119 za nimi kryj\u0105?<\/p>\n<p>Lubisz prac\u0119 z <strong>obrazem<\/strong> i <strong>metafor\u0105<\/strong>?<\/p>\n<p>Masz <strong>otwarto\u015b\u0107<\/strong> na wypr\u00f3bowanie nowego narz\u0119dzia?<\/p>\n<p>&nbsp;<\/p>\n<p>Je\u015bli tak, to zapraszam na <strong>eksperymentalne warsztaty online<\/strong>, podczas kt\u00f3rych b\u0119dziemy testowa\u0107 <strong>&#8220;wirtualne&#8221; karty<\/strong> <strong>uczu\u0107<\/strong> i <strong>potrzeb<\/strong> przygotowane przez artyst\u00f3w z Polski i Niemiec w ramach projektu dofinansowanego z programu Erasmus+, kt\u00f3ry wsp\u00f3\u0142organizuj\u0119 razem z Fundacj\u0105 Arte Ego z Polski i GrenzKultur\/Cabuwazi z Niemiec.<\/p>\n<p>&nbsp;<\/p>\n<p>Szkolenie b\u0119dzie prowadzone\u00a0<strong>w oparciu o Porozumienie bez Przemocy (NVC) <\/strong>i jest przeznaczone dla wszystkich os\u00f3b zainteresowanych uczuciami i potrzebami niezale\u017cnie od stopnia znajomo\u015bci NVC.<\/p>\n<p>&nbsp;<\/p>\n<p><strong>\u0106wiczenia<\/strong> b\u0119d\u0105 <strong>inne<\/strong> ni\u017c na pierwszym spotkaniu, kt\u00f3re mia\u0142o miejsce 30 maja!<\/p>\n<p>&nbsp;<\/p>\n<h4><strong>Kiedy:<\/strong><\/h4>\n<p>4 czerwca 2020, godz. 18:00-19:30<\/p>\n<p>&nbsp;<\/p>\n<h4><strong>Jak:<\/strong><\/h4>\n<p>Spotkamy si\u0119 przy u\u017cyciu aplikacji <strong>ZOOM<\/strong>, kt\u00f3ra umo\u017cliwia wszystkim uczestnikom widzenie si\u0119 i s\u0142yszenie. Aby wzi\u0105\u0107 udzia\u0142 w warsztatach potrzebujesz <strong>komputer\/laptop<\/strong> z dost\u0119pem do internetu, <strong>kamer\u0105<\/strong> i <strong>mikrofonem<\/strong>. Przygotuj sobie r\u00f3wnie\u017c co\u015b do pisania. Je\u015bli po\u0142\u0105czysz si\u0119 na <strong>telefonie<\/strong>, nie b\u0119dziesz mie\u0107 mo\u017cliwo\u015bci skorzystania z tego warsztatu <strong>w pe\u0142ni<\/strong>.<\/p>\n<p><strong>Link do spotkania<\/strong> oraz <strong>instrukcj\u0119<\/strong>, jak do niego do\u0142\u0105czy\u0107, otrzymasz 1-2 dni przed warsztatami (sprawd\u017a SPAM!).<\/p>\n<p>&nbsp;<\/p>\n<h4><strong>Cena:<\/strong><\/h4>\n<p>Wp\u0142a\u0107 tyle, ile masz ochot\u0119, wybieraj\u0105c kwot\u0119 mi\u0119dzy 15 a 50 z\u0142.<\/p>\n<p>&nbsp;<\/p>\n<h4><strong>Zapisy:<\/strong><\/h4>\n<div class=\"\">\n<div class=\"_1mf _1mj\">Aby si\u0119 zapisa\u0107, dodaj ten produkt do koszyka (patrz: g\u00f3ra strony)<\/div>\n<\/div>\n<div class=\"\">\n<div class=\"_1mf _1mj\">\n<div class=\"\">\n<div class=\"_1mf _1mj\"><\/div>\n<\/div>\n<div class=\"\">\n<div class=\"_1mf _1mj\">Wp\u0142ata jest jednoznaczna z rezerwacj\u0105 miejsca. <strong>Zwrot wp\u0142aty<\/strong> mo\u017cliwy jest maksymalnie na 7 dni przed warsztatami, po otrzymaniu przeze mnie <strong>wiadomo\u015bci<\/strong> o rezygnacji.<\/div>\n<\/div>\n<\/div>\n<\/div>\n<div class=\"\" data-block=\"true\" data-editor=\"70sh3\" data-offset-key=\"53fau-0-0\">\n<div class=\"_1mf _1mj\" data-offset-key=\"53fau-0-0\">\n<div data-offset-key=\"bluh6-0-0\">\n<div class=\"\" data-block=\"true\" data-editor=\"70sh3\" data-offset-key=\"bluh6-0-0\">\n<div data-offset-key=\"bluh6-0-0\"><\/div>\n<\/div>\n<\/div>\n<\/div>\n<\/div>\n<p>&nbsp;<\/p>\n<h4><strong>Kontakt: <\/strong><\/h4>\n<p>Je\u015bli masz pytania lub potrzebujesz wi\u0119cej szczeg\u00f3\u0142owych informacji zach\u0119cam do kontaktu mailowego: <a href=\"mailto:kontakt@empathicway.pl\">kontakt@empathicway.pl<\/a><\/p>\n<p>&nbsp;<\/p>\n<h4><strong>Prowadz\u0105ca: <\/strong><\/h4>\n<p><strong><img decoding=\"async\" class=\"wp-image-2825 alignleft\" src=\"https:\/\/www.empathicway.pl\/wp-content\/uploads\/2018\/12\/Magdalena-Malinowska-Empathic-Way-Porozumienie-bez-Przemocy-NVC.jpg\" alt=\"Magdalena Malinowska Empathic Way O mnie\" width=\"153\" height=\"153\" \/>Magdalena Malinowska <\/strong>\u2013\u00a0<strong>Certyfikowana Trenerka NVC<\/strong><\/p>\n<p>Wspieram w budowaniu\u00a0<strong>satysfakcjonuj\u0105cego \u017cycia<\/strong>\u00a0i\u00a0<strong>dobrych relacji<\/strong>, prywatnych i zawodowych, poprzez szkolenia indywidualne i grupowe pog\u0142\u0119biaj\u0105ce umiej\u0119tno\u015b\u0107\u00a0<strong>skutecznej komunikacji<\/strong>. Inspiruj\u0119 do szczerego dawania\u00a0<strong>informacji zwrotnych<\/strong>\u00a0oraz otwarto\u015bci na\u00a0<strong>perspektyw\u0119<\/strong>\u00a0innych os\u00f3b. Pomagam we wdra\u017caniu\u00a0<a href=\"https:\/\/www.empathicway.pl\/porozumienie-bez-przemocy-podstawowe-informacje\/\" target=\"_blank\" rel=\"noopener noreferrer\"><strong>Porozumienia bez Przemocy (NVC)<\/strong><\/a>\u00a0m.in. w\u00a0<strong>zwi\u0105zkach<\/strong>,\u00a0<strong>firmach<\/strong>\u00a0i w\u00a0<strong>organizacjach pozarz\u0105dowych<\/strong>. Pracuj\u0119 g\u0142\u00f3wnie z osobami, kt\u00f3re pragn\u0105 czerpa\u0107 rado\u015b\u0107 i spe\u0142nienie z autentycznych relacji z innymi. Jestem certyfikowan\u0105 trenerk\u0105 Porozumienia bez Przemocy (certyfikat CNVC, USA).<\/p>\n<p>Moje dzia\u0142ania oparte s\u0105 o\u00a0<strong>Porozumienie bez Przemocy (NVC)<\/strong>, kt\u00f3rego tw\u00f3rc\u0105 jest\u00a0<a href=\"https:\/\/www.empathicway.pl\/marshall-b-rosenberg\/\" target=\"_blank\" rel=\"noopener noreferrer\"><strong>Marshall B. Rosenberg<\/strong><\/a>, o metody\u00a0<strong>edukacji pozaformalnej<\/strong>\u00a0oraz podej\u015bcie\u00a0<strong>Coaching for Transformation<\/strong>. Prowadz\u0119 firm\u0119\u00a0<strong>Empathic Way<\/strong>\u00a0(www.empathicway.pl), w ramach kt\u00f3rej propaguj\u0119\u00a0<strong>Porozumienie bez Przemocy (NVC)<\/strong>\u00a0oraz rozpowszechniam szczere i jasne wyra\u017canie siebie oraz s\u0142uchanie innych z szacunkiem i empati\u0105. Oferuj\u0119 regularne warsztaty grupowe i szkolenia indywidualne zar\u00f3wno w j\u0119zyku\u00a0<strong>polskim<\/strong>, jak i\u00a0<strong>angielskim<\/strong>. Jestem autork\u0105\u00a0<a href=\"http:\/\/online.empathicway.pl\/cztery-kroki-do-lepszej-relacji-z-innymi-i-soba\/\" target=\"_blank\" rel=\"noopener noreferrer\"><strong>kursu online \u201eCztery kroki do lepszej relacji z innymi i sob\u0105\u201d<\/strong><\/a>.<\/p>\n<p>Uko\u0144czy\u0142am\u00a0<strong>psychologi\u0119 stosunk\u00f3w mi\u0119dzykulturowych<\/strong>\u00a0w Szkole Wy\u017cszej Psychologii Spo\u0142ecznej w Warszawie, roczn\u0105 Szko\u0142\u0119 Treningu i Warsztatu Psychologicznego w O\u015brodku Edukacji i Pomocy Psychologicznej INTRA, trzyletni\u0105\u00a0<strong>Szko\u0142\u0119 Trener\u00f3w Komunikacji opartej na Empatii<\/strong>\u00a0w Dojrzewalni R\u00f3\u017c oraz szkolenie\u00a0<strong>\u201eCoaching oparty na potrzebach\u201d<\/strong>\u00a0prowadzone przez\u00a0Pernille Plantener z Danii, kt\u00f3ra jest akredytowanym coachem PCC ICF oraz Coaching for Transformation. Uko\u0144czy\u0142am te\u017c\u00a0<strong>studia podyplomowe\u00a0Life Coaching Start Up<\/strong>\u00a0w Collegium Civitas, kt\u00f3rego program zosta\u0142 zaakceptowany przez ICF (Approved Coach Specific Training Hours ACSTH).<\/p>\n<p>Porozumienie bez Przemocy pozna\u0142am w\u00a0<strong>2010 roku<\/strong>\u00a0i \u201eprzepad\u0142am\u201d na zawsze. Uczestniczy\u0142am w ponad 400 godzinach szkole\u0144 i warsztat\u00f3w z zakresu Porozumienia bez Przemocy prowadzonych przez polskich i zagranicznych trener\u00f3w NVC, m.in.: Miki Kashtan, Yoram Mosenzon, Roxy Manning, Sabine Geiger, Kay Rung, Liv Larsson, Joanna M\u0142ynarz, Lucyna Wieczorek, Ewa Or\u0142owska, Pernille Plantener, Towe Widstrand, Shona Cameron, Deborah Bellamy, Joachim Berggren, Marta Ku\u0142aga, Aga Rzewuska-Paca i Magdalena Sendor.<\/p>\n<p><strong>Prowadzi\u0142am szkolenia\u00a0<\/strong>mi\u0119dzy innymi dla WTW Services, Stanley Black &amp; Decker, Interdisciplinary Division for Energy Analyses, McCormick, Fundacji Konsument\u00f3w, Fundacji Dajemy Dzieciom Si\u0142\u0119 (dawniej Dzieci Niczyje), Polskiej Akcji Humanitarnej, Fundacji EY, Fundacji Koocham, Stowarzyszenia Otwarte Drzwi, dla student\u00f3w Akademii Pedagogiki Specjalnej i O\u015brodka Studi\u00f3w Ameryka\u0144skich. Mam prawie dziesi\u0119cioletnie do\u015bwiadczenie w edukacji pozaformalnej oraz we wsp\u00f3\u0142pracy z organizacjami pozarz\u0105dowymi z Polski i Europy, m.in. z NaturKultur (Niemcy), YouthWatch (S\u0142owacja), Asociace neform\u00e1ln\u00edho vzdel\u00e1van\u00ed ANEV (Czechy).<\/p>\n<p><strong>Wsp\u00f3\u0142organizowa\u0142am<\/strong>\u00a0<a href=\"https:\/\/maratonempatii.blogspot.com\/\" target=\"_blank\" rel=\"noopener noreferrer\"><strong>Maraton Empatii<\/strong><\/a>\u00a0w 2016 roku oraz dwie edycje\u00a0<a href=\"https:\/\/polskifestiwalnvc.pl\/\" target=\"_blank\" rel=\"noopener noreferrer\"><strong>Polskiego Festiwalu NVC<\/strong><\/a>\u00a0(w 2017 i 2018 roku). Zorganizowa\u0142am mi\u0119dzynarodowe projekty\u00a0<a href=\"http:\/\/www.empathiceurope.com\/time-for-empathy\/\" target=\"_blank\" rel=\"noopener noreferrer\"><strong>Time for Empathy<\/strong><\/a>\u00a0oraz\u00a0<a href=\"https:\/\/www.empathiceurope.com\/time-for-honesty\/\" target=\"_blank\" rel=\"noopener noreferrer\"><strong>Time for Honesty<\/strong><\/a>, w ramach kt\u00f3rych trenerzy z ca\u0142ej Europy dzielili si\u0119 za darmo swoj\u0105 wiedz\u0105 z zakresu NVC.<\/p>\n<p>Wi\u0119cej informacji: <a href=\"https:\/\/www.empathicway.pl\/\">www.empathicway.pl<\/a>,\u00a0<a href=\"https:\/\/www.facebook.com\/empathicwaypl\/\">https:\/\/www.facebook.com\/empathicwaypl\/<\/a><\/p>\n<p><a href=\"mailto:kontakt@empathicway.pl\">kontakt@empathicway.pl<\/a><\/p>\n<p>&nbsp;<\/p>\n<p>&nbsp;<\/p>\n","protected":false},"excerpt":{"rendered":"<p>[ZAPISY ZAKO\u0143CZONE] Wp\u0142a\u0107 tyle, ile chcesz, wybieraj\u0105c kwot\u0119 mi\u0119dzy 15 a 50 z\u0142. ***** Zastanawiasz si\u0119, jak \u0142atwiej dotrze\u0107 do swoich uczu\u0107 i odkry\u0107, jakie&hellip;<\/p>\n","protected":false},"featured_media":2295,"template":"","meta":{"_monsterinsights_skip_tracking":false,"_monsterinsights_sitenote_active":false,"_monsterinsights_sitenote_note":"","_monsterinsights_sitenote_category":0},"product_brand":[],"product_cat":[91],"product_tag":[62,61,80],"class_list":{"0":"post-2253","1":"product","2":"type-product","3":"status-publish","4":"has-post-thumbnail","6":"product_cat-warsztaty-online","7":"product_tag-nvc","8":"product_tag-porozumienie-bez-przemocy","9":"product_tag-szkolenie-z-nvc","11":"first","12":"outofstock","13":"shipping-taxable","14":"purchasable","15":"product-type-variable","16":"has-default-attributes"},"yoast_head":"<!-- This site is optimized with the Yoast SEO plugin v27.2 - https:\/\/yoast.com\/product\/yoast-seo-wordpress\/ -->\n<title>Kolory uczu\u0107 i potrzeb - warsztaty online - Empathic Way Online | Porozumienie bez Przemocy w praktyce<\/title>\n<meta name=\"description\" content=\"Kolory uczu\u0107 i potrzeb - warsztaty online\" \/>\n<meta name=\"robots\" content=\"index, follow, max-snippet:-1, max-image-preview:large, max-video-preview:-1\" \/>\n<link rel=\"canonical\" href=\"https:\/\/www.empathicway.pl\/online\/produkt\/kolory-uczuc-i-potrzeb-warsztaty-online\/\" \/>\n<meta property=\"og:locale\" content=\"pl_PL\" \/>\n<meta property=\"og:type\" content=\"article\" \/>\n<meta property=\"og:title\" content=\"Kolory uczu\u0107 i potrzeb - warsztaty online - Empathic Way Online | Porozumienie bez Przemocy w praktyce\" \/>\n<meta property=\"og:description\" content=\"Kolory uczu\u0107 i potrzeb - warsztaty online\" \/>\n<meta property=\"og:url\" content=\"https:\/\/www.empathicway.pl\/online\/produkt\/kolory-uczuc-i-potrzeb-warsztaty-online\/\" \/>\n<meta property=\"og:site_name\" content=\"Empathic Way Online | Porozumienie bez Przemocy w praktyce\" \/>\n<meta property=\"article:publisher\" content=\"https:\/\/www.facebook.com\/empathicwaypl\/\" \/>\n<meta property=\"article:modified_time\" content=\"2020-06-04T17:57:53+00:00\" \/>\n<meta property=\"og:image\" content=\"https:\/\/www.empathicway.pl\/online\/wp-content\/uploads\/2020\/05\/Kolory-uczuc-i-potrzeb-II-Empathic-Way-Online.png\" \/>\n\t<meta property=\"og:image:width\" content=\"1080\" \/>\n\t<meta property=\"og:image:height\" content=\"1080\" \/>\n\t<meta property=\"og:image:type\" content=\"image\/png\" \/>\n<meta name=\"twitter:card\" content=\"summary_large_image\" \/>\n<meta name=\"twitter:label1\" content=\"Szacowany czas czytania\" \/>\n\t<meta name=\"twitter:data1\" content=\"4 minuty\" \/>\n<script type=\"application\/ld+json\" class=\"yoast-schema-graph\">{\"@context\":\"https:\/\/schema.org\",\"@graph\":[{\"@type\":\"WebPage\",\"@id\":\"https:\/\/www.empathicway.pl\/online\/produkt\/kolory-uczuc-i-potrzeb-warsztaty-online\/\",\"url\":\"https:\/\/www.empathicway.pl\/online\/produkt\/kolory-uczuc-i-potrzeb-warsztaty-online\/\",\"name\":\"Kolory uczu\u0107 i potrzeb - warsztaty online - Empathic Way Online | Porozumienie bez Przemocy w praktyce\",\"isPartOf\":{\"@id\":\"https:\/\/www.empathicway.pl\/online\/#website\"},\"primaryImageOfPage\":{\"@id\":\"https:\/\/www.empathicway.pl\/online\/produkt\/kolory-uczuc-i-potrzeb-warsztaty-online\/#primaryimage\"},\"image\":{\"@id\":\"https:\/\/www.empathicway.pl\/online\/produkt\/kolory-uczuc-i-potrzeb-warsztaty-online\/#primaryimage\"},\"thumbnailUrl\":\"https:\/\/www.empathicway.pl\/online\/wp-content\/uploads\/2020\/05\/Kolory-uczuc-i-potrzeb-II-Empathic-Way-Online.png\",\"datePublished\":\"2020-05-24T20:29:45+00:00\",\"dateModified\":\"2020-06-04T17:57:53+00:00\",\"description\":\"Kolory uczu\u0107 i potrzeb - warsztaty online\",\"breadcrumb\":{\"@id\":\"https:\/\/www.empathicway.pl\/online\/produkt\/kolory-uczuc-i-potrzeb-warsztaty-online\/#breadcrumb\"},\"inLanguage\":\"pl-PL\",\"potentialAction\":[{\"@type\":\"ReadAction\",\"target\":[\"https:\/\/www.empathicway.pl\/online\/produkt\/kolory-uczuc-i-potrzeb-warsztaty-online\/\"]}]},{\"@type\":\"ImageObject\",\"inLanguage\":\"pl-PL\",\"@id\":\"https:\/\/www.empathicway.pl\/online\/produkt\/kolory-uczuc-i-potrzeb-warsztaty-online\/#primaryimage\",\"url\":\"https:\/\/www.empathicway.pl\/online\/wp-content\/uploads\/2020\/05\/Kolory-uczuc-i-potrzeb-II-Empathic-Way-Online.png\",\"contentUrl\":\"https:\/\/www.empathicway.pl\/online\/wp-content\/uploads\/2020\/05\/Kolory-uczuc-i-potrzeb-II-Empathic-Way-Online.png\",\"width\":1080,\"height\":1080,\"caption\":\"Kolory uczu\u0107 i potrzeb\"},{\"@type\":\"BreadcrumbList\",\"@id\":\"https:\/\/www.empathicway.pl\/online\/produkt\/kolory-uczuc-i-potrzeb-warsztaty-online\/#breadcrumb\",\"itemListElement\":[{\"@type\":\"ListItem\",\"position\":1,\"name\":\"Strona g\u0142\u00f3wna\",\"item\":\"https:\/\/www.empathicway.pl\/online\/\"},{\"@type\":\"ListItem\",\"position\":2,\"name\":\"Sklep\",\"item\":\"https:\/\/www.empathicway.pl\/online\/sklep\/\"},{\"@type\":\"ListItem\",\"position\":3,\"name\":\"Kolory uczu\u0107 i potrzeb &#8211; warsztaty online\"}]},{\"@type\":\"WebSite\",\"@id\":\"https:\/\/www.empathicway.pl\/online\/#website\",\"url\":\"https:\/\/www.empathicway.pl\/online\/\",\"name\":\"Empathic Way Online | Komunikacja empatyczna krok po kroku\",\"description\":\"Platforma szkoleniowa Empathic Way\",\"publisher\":{\"@id\":\"https:\/\/www.empathicway.pl\/online\/#organization\"},\"potentialAction\":[{\"@type\":\"SearchAction\",\"target\":{\"@type\":\"EntryPoint\",\"urlTemplate\":\"https:\/\/www.empathicway.pl\/online\/?s={search_term_string}\"},\"query-input\":{\"@type\":\"PropertyValueSpecification\",\"valueRequired\":true,\"valueName\":\"search_term_string\"}}],\"inLanguage\":\"pl-PL\"},{\"@type\":\"Organization\",\"@id\":\"https:\/\/www.empathicway.pl\/online\/#organization\",\"name\":\"Empathic Way\",\"url\":\"https:\/\/www.empathicway.pl\/online\/\",\"logo\":{\"@type\":\"ImageObject\",\"inLanguage\":\"pl-PL\",\"@id\":\"https:\/\/www.empathicway.pl\/online\/#\/schema\/logo\/image\/\",\"url\":\"https:\/\/www.empathicway.pl\/online\/wp-content\/uploads\/2017\/10\/Empathic-Way-Online-logo-www.png\",\"contentUrl\":\"https:\/\/www.empathicway.pl\/online\/wp-content\/uploads\/2017\/10\/Empathic-Way-Online-logo-www.png\",\"width\":2892,\"height\":657,\"caption\":\"Empathic Way\"},\"image\":{\"@id\":\"https:\/\/www.empathicway.pl\/online\/#\/schema\/logo\/image\/\"},\"sameAs\":[\"https:\/\/www.facebook.com\/empathicwaypl\/\"]}]}<\/script>\n<!-- \/ Yoast SEO plugin. -->","yoast_head_json":{"title":"Kolory uczu\u0107 i potrzeb - warsztaty online - Empathic Way Online | Porozumienie bez Przemocy w praktyce","description":"Kolory uczu\u0107 i potrzeb - warsztaty online","robots":{"index":"index","follow":"follow","max-snippet":"max-snippet:-1","max-image-preview":"max-image-preview:large","max-video-preview":"max-video-preview:-1"},"canonical":"https:\/\/www.empathicway.pl\/online\/produkt\/kolory-uczuc-i-potrzeb-warsztaty-online\/","og_locale":"pl_PL","og_type":"article","og_title":"Kolory uczu\u0107 i potrzeb - warsztaty online - Empathic Way Online | Porozumienie bez Przemocy w praktyce","og_description":"Kolory uczu\u0107 i potrzeb - warsztaty online","og_url":"https:\/\/www.empathicway.pl\/online\/produkt\/kolory-uczuc-i-potrzeb-warsztaty-online\/","og_site_name":"Empathic Way Online | Porozumienie bez Przemocy w praktyce","article_publisher":"https:\/\/www.facebook.com\/empathicwaypl\/","article_modified_time":"2020-06-04T17:57:53+00:00","og_image":[{"width":1080,"height":1080,"url":"https:\/\/www.empathicway.pl\/online\/wp-content\/uploads\/2020\/05\/Kolory-uczuc-i-potrzeb-II-Empathic-Way-Online.png","type":"image\/png"}],"twitter_card":"summary_large_image","twitter_misc":{"Szacowany czas czytania":"4 minuty"},"schema":{"@context":"https:\/\/schema.org","@graph":[{"@type":"WebPage","@id":"https:\/\/www.empathicway.pl\/online\/produkt\/kolory-uczuc-i-potrzeb-warsztaty-online\/","url":"https:\/\/www.empathicway.pl\/online\/produkt\/kolory-uczuc-i-potrzeb-warsztaty-online\/","name":"Kolory uczu\u0107 i potrzeb - warsztaty online - Empathic Way Online | Porozumienie bez Przemocy w praktyce","isPartOf":{"@id":"https:\/\/www.empathicway.pl\/online\/#website"},"primaryImageOfPage":{"@id":"https:\/\/www.empathicway.pl\/online\/produkt\/kolory-uczuc-i-potrzeb-warsztaty-online\/#primaryimage"},"image":{"@id":"https:\/\/www.empathicway.pl\/online\/produkt\/kolory-uczuc-i-potrzeb-warsztaty-online\/#primaryimage"},"thumbnailUrl":"https:\/\/www.empathicway.pl\/online\/wp-content\/uploads\/2020\/05\/Kolory-uczuc-i-potrzeb-II-Empathic-Way-Online.png","datePublished":"2020-05-24T20:29:45+00:00","dateModified":"2020-06-04T17:57:53+00:00","description":"Kolory uczu\u0107 i potrzeb - warsztaty online","breadcrumb":{"@id":"https:\/\/www.empathicway.pl\/online\/produkt\/kolory-uczuc-i-potrzeb-warsztaty-online\/#breadcrumb"},"inLanguage":"pl-PL","potentialAction":[{"@type":"ReadAction","target":["https:\/\/www.empathicway.pl\/online\/produkt\/kolory-uczuc-i-potrzeb-warsztaty-online\/"]}]},{"@type":"ImageObject","inLanguage":"pl-PL","@id":"https:\/\/www.empathicway.pl\/online\/produkt\/kolory-uczuc-i-potrzeb-warsztaty-online\/#primaryimage","url":"https:\/\/www.empathicway.pl\/online\/wp-content\/uploads\/2020\/05\/Kolory-uczuc-i-potrzeb-II-Empathic-Way-Online.png","contentUrl":"https:\/\/www.empathicway.pl\/online\/wp-content\/uploads\/2020\/05\/Kolory-uczuc-i-potrzeb-II-Empathic-Way-Online.png","width":1080,"height":1080,"caption":"Kolory uczu\u0107 i potrzeb"},{"@type":"BreadcrumbList","@id":"https:\/\/www.empathicway.pl\/online\/produkt\/kolory-uczuc-i-potrzeb-warsztaty-online\/#breadcrumb","itemListElement":[{"@type":"ListItem","position":1,"name":"Strona g\u0142\u00f3wna","item":"https:\/\/www.empathicway.pl\/online\/"},{"@type":"ListItem","position":2,"name":"Sklep","item":"https:\/\/www.empathicway.pl\/online\/sklep\/"},{"@type":"ListItem","position":3,"name":"Kolory uczu\u0107 i potrzeb &#8211; warsztaty online"}]},{"@type":"WebSite","@id":"https:\/\/www.empathicway.pl\/online\/#website","url":"https:\/\/www.empathicway.pl\/online\/","name":"Empathic Way Online | Komunikacja empatyczna krok po kroku","description":"Platforma szkoleniowa Empathic Way","publisher":{"@id":"https:\/\/www.empathicway.pl\/online\/#organization"},"potentialAction":[{"@type":"SearchAction","target":{"@type":"EntryPoint","urlTemplate":"https:\/\/www.empathicway.pl\/online\/?s={search_term_string}"},"query-input":{"@type":"PropertyValueSpecification","valueRequired":true,"valueName":"search_term_string"}}],"inLanguage":"pl-PL"},{"@type":"Organization","@id":"https:\/\/www.empathicway.pl\/online\/#organization","name":"Empathic Way","url":"https:\/\/www.empathicway.pl\/online\/","logo":{"@type":"ImageObject","inLanguage":"pl-PL","@id":"https:\/\/www.empathicway.pl\/online\/#\/schema\/logo\/image\/","url":"https:\/\/www.empathicway.pl\/online\/wp-content\/uploads\/2017\/10\/Empathic-Way-Online-logo-www.png","contentUrl":"https:\/\/www.empathicway.pl\/online\/wp-content\/uploads\/2017\/10\/Empathic-Way-Online-logo-www.png","width":2892,"height":657,"caption":"Empathic Way"},"image":{"@id":"https:\/\/www.empathicway.pl\/online\/#\/schema\/logo\/image\/"},"sameAs":["https:\/\/www.facebook.com\/empathicwaypl\/"]}]}},"_links":{"self":[{"href":"https:\/\/www.empathicway.pl\/online\/wp-json\/wp\/v2\/product\/2253","targetHints":{"allow":["GET"]}}],"collection":[{"href":"https:\/\/www.empathicway.pl\/online\/wp-json\/wp\/v2\/product"}],"about":[{"href":"https:\/\/www.empathicway.pl\/online\/wp-json\/wp\/v2\/types\/product"}],"version-history":[{"count":0,"href":"https:\/\/www.empathicway.pl\/online\/wp-json\/wp\/v2\/product\/2253\/revisions"}],"wp:featuredmedia":[{"embeddable":true,"href":"https:\/\/www.empathicway.pl\/online\/wp-json\/wp\/v2\/media\/2295"}],"wp:attachment":[{"href":"https:\/\/www.empathicway.pl\/online\/wp-json\/wp\/v2\/media?parent=2253"}],"wp:term":[{"taxonomy":"product_brand","embeddable":true,"href":"https:\/\/www.empathicway.pl\/online\/wp-json\/wp\/v2\/product_brand?post=2253"},{"taxonomy":"product_cat","embeddable":true,"href":"https:\/\/www.empathicway.pl\/online\/wp-json\/wp\/v2\/product_cat?post=2253"},{"taxonomy":"product_tag","embeddable":true,"href":"https:\/\/www.empathicway.pl\/online\/wp-json\/wp\/v2\/product_tag?post=2253"}],"curies":[{"name":"wp","href":"https:\/\/api.w.org\/{rel}","templated":true}]}}