{"id":541,"date":"2018-06-07T08:00:08","date_gmt":"2018-06-07T06:00:08","guid":{"rendered":"https:\/\/www.empathicway.pl\/online\/?post_type=product&#038;p=541"},"modified":"2025-08-08T10:58:33","modified_gmt":"2025-08-08T08:58:33","slug":"szkolenie-wyrazanie-swoich-uczuc-i-potrzeb-warszawa","status":"publish","type":"product","link":"https:\/\/www.empathicway.pl\/online\/produkt\/szkolenie-wyrazanie-swoich-uczuc-i-potrzeb-warszawa\/","title":{"rendered":"Szkolenie Wyra\u017canie swoich uczu\u0107 i potrzeb \u2013 Warszawa, 30 maja 2020"},"content":{"rendered":"<p><strong>Uwaga:<\/strong> w chwili obecnej prowadz\u0119 szkolenia g\u0142\u00f3wnie online. Zapraszam do udzia\u0142u m.in. w <strong>Szkoleniu NVC w oparciu o kurs online \u201eCztery kroki do lepszej relacji z innymi\u201d:\u00a0<\/strong><strong>4 warsztaty online<\/strong> + dost\u0119p do platformy online; materia\u0142 kursu przerabiany <strong>samodzielnie<\/strong> mi\u0119dzy warsztatami. <a href=\"https:\/\/www.empathicway.pl\/online\/produkt\/szkolenie-online-cztery-kroki-do-lepszej-relacji-z-innymi\/\" target=\"_blank\" rel=\"noopener noreferrer\"><strong>POZNAJ SZCZEG\u00d3\u0141Y TUTAJ<\/strong><\/a><\/p>\n<p>&#8212;&#8212;&#8212;&#8212;&#8212;&#8212;&#8212;-<\/p>\n<p>Szkolenie stacjonarne w Warszawie <strong>30 maja 2020<\/strong>\u00a0dla os\u00f3b, kt\u00f3re chc\u0105 bardziej zadba\u0107 o siebie i swoje potrzeby oraz nauczy\u0107 si\u0119 szczerze wyra\u017ca\u0107 siebie bez ranienia innych os\u00f3b. Je\u015bli zadbasz o siebie, lepiej zadbasz o innych!<\/p>\n<p><strong>Uwaga:\u00a0<\/strong>w <strong>pakiecie ze szkoleniem<\/strong> \u201ePodstawy s\u0142uchania z empati\u0105\u201d 31 maja 2020 zap\u0142acisz <strong>mniej<\/strong>. <a href=\"https:\/\/www.empathicway.pl\/online\/produkt\/pakiet-dwoch-szkolen-wyrazanie-swoich-uczuc-i-potrzeb-i-podstawy-sluchania-z-empatia\/\"><strong>Przejd\u017a TUTAJ<\/strong><\/a>!<\/p>\n<p>&#8212;&#8212;&#8212;&#8212;&#8212;&#8212;&#8212;&#8212;<\/p>\n<p>Zastanawiasz si\u0119 w jaki spos\u00f3b\u00a0<strong>m\u00f3wi\u0107 do ludzi<\/strong>, tak by zrozumieli o co Ci chodzi i si\u0119 nie obra\u017cali, nie denerwowali?<\/p>\n<p>Mo\u017ce do tej pory zawsze sz\u0142a\u015b\/szed\u0142e\u015b innym\u00a0<strong>na r\u0119k\u0119<\/strong>\u00a0i\u00a0<strong>masz tego do\u015b\u0107<\/strong>? Pragniesz\u00a0<strong>wsparcia i zrozumienia<\/strong>, ale nie wiesz jak o tym powiedzie\u0107 i przewa\u017cnie\u00a0<strong>t\u0142umisz w sobie emocje<\/strong>? A potem nagle, z jakiego\u015b \u201eb\u0142ahego\u201d powodu\u00a0<strong>wybuchasz<\/strong>, bo ju\u017c nie jeste\u015b w stanie d\u0142u\u017cej znie\u015b\u0107 \u201etakiego traktowania\u201d?<\/p>\n<p>Wyobra\u017a sobie jak by to by\u0142o, gdyby z ka\u017cdym da\u0142o si\u0119 dogada\u0107. Jak spokojne, proste i autentyczne by\u0142yby relacje z innymi, gdyby\u015b nauczy\u0142\/nauczy\u0142a si\u0119 rozwi\u0105zywa\u0107 nieporozumienia w zal\u0105\u017cku.<\/p>\n<p>Warto reagowa\u0107 na bie\u017c\u0105co.\u00a0<strong>Nie czekaj na krytyczny moment<\/strong>\u00a0a\u017c miarka si\u0119 przebierze.\u00a0 Zdob\u0105d\u017a si\u0119 na odwag\u0119 i zacznij rozwi\u0105zywa\u0107 nieporozumienia jak tylko zaczynaj\u0105 si\u0119 pojawia\u0107. Nie pozw\u00f3l by uros\u0142y do ogromnych rozmiar\u00f3w, bo wtedy mog\u0105 mie\u0107 negatywny wp\u0142yw na Twoje relacje, zw\u0142aszcza te, kt\u00f3re cenisz najbardziej.<\/p>\n<p>Odzyskaj\u00a0<strong>zaufanie do siebie<\/strong>\u00a0i pewno\u015b\u0107, \u017ce jeste\u015b w stanie zadba\u0107 o siebie i swoje relacje.<\/p>\n<p><strong>Porozumienie bez Przemocy<\/strong>\u00a0(Nonviolent Communication \u2013 NVC) oferuje\u00a0<strong>proste rozwi\u0105zanie<\/strong>\u00a0\u2013 cztery kroki, kt\u00f3re pomog\u0105 Ci uzyska\u0107 jasno\u015b\u0107 co chcesz przekaza\u0107 innym oraz wespr\u0105 Ci\u0119 w trakcie wyra\u017cania wa\u017cnych dla Ciebie rzeczy.<\/p>\n<p>&nbsp;<\/p>\n<h4><strong>Dzi\u0119ki temu szkoleniu:<\/strong><\/h4>\n<ul>\n<li>kontakty z innymi lud\u017ami przestan\u0105 by\u0107 stresuj\u0105ce;<\/li>\n<li>nawi\u0105\u017cesz lepszy kontakt nie tylko z innymi, ale tak\u017ce ze sob\u0105;<\/li>\n<li>zwi\u0119kszy si\u0119 Twoje poczucie sprawczo\u015bci oraz wp\u0142ywu na swoje \u017cycie;<\/li>\n<li>zaprzyja\u017anisz si\u0119 (albo przynajmniej zaznajomisz) ze swoimi emocjami i m\u00f3wienie o nich nie b\u0119dzie Ci\u0119 ju\u017c tak przera\u017ca\u0107;<\/li>\n<li>nauczysz si\u0119 oddziela\u0107 emocje od\u00a0fakt\u00f3w i\u00a0interpretacji;<\/li>\n<li>prze\u0107wiczysz komunikowanie swoich potrzeb i\u00a0formu\u0142owanie pr\u00f3\u015bb;<\/li>\n<li>a dzi\u0119ki temu zmniejszy si\u0119 ryzyko pojawiania si\u0119 konflikt\u00f3w, nieporozumie\u0144 i wzajemnych oskar\u017ce\u0144.<\/li>\n<\/ul>\n<h4><\/h4>\n<h4><strong>Do kogo skierowane jest to szkolenie?<\/strong><\/h4>\n<p>Do os\u00f3b:<\/p>\n<ul>\n<li>kt\u00f3re chc\u0105 nauczy\u0107 si\u0119 wyra\u017ca\u0107 siebie w szczery spos\u00f3b, by zadba\u0107 o swoje granice bior\u0105c jednocze\u015bnie pod uwag\u0119 inne osoby;<\/li>\n<li>kt\u00f3re maj\u0105 trudno\u015b\u0107 z m\u00f3wieniem o tym, co im si\u0119 nie podoba lub co jest dla nich wa\u017cne, na czym nie zawsze wychodz\u0105 tak jakby chcia\u0142y;<\/li>\n<li>kt\u00f3re m\u00f3wi\u0105 prosto z mostu nie owijaj\u0105c w bawe\u0142n\u0119 i czuj\u0105 frustracj\u0119, gdy widz\u0105, jak inni si\u0119 od nich czasem odsuwaj\u0105, zamiast doceni\u0107 szczero\u015b\u0107 i otwarto\u015b\u0107;<\/li>\n<li>kt\u00f3rym zale\u017cy na autentycznych relacjach z innymi, pe\u0142nych jasno\u015bci i bez niedom\u00f3wie\u0144;<\/li>\n<li>kt\u00f3re chc\u0105 zwi\u0119kszy\u0107 swoje kompetencje w stosowaniu Porozumienia bez Przemocy w \u017cyciu codziennym.<\/li>\n<\/ul>\n<h4><\/h4>\n<h4><strong>Zakres szkolenia obejmuje m.in.:<\/strong><\/h4>\n<ul>\n<li><strong>podstawowe za\u0142o\u017cenia<\/strong>\u00a0Porozumienia bez Przemocy (Nonviolent Communication \u2013 NVC) dotycz\u0105ce wyra\u017cania swoich uczu\u0107 i potrzeb;<\/li>\n<li>czym jest\u00a0<strong>szczero\u015b\u0107<\/strong>\u00a0w duchu NVC;<\/li>\n<li>\u0107wiczenie rozpoznawania tego co si\u0119 w nas dzieje w\u00a0<strong>reakcji<\/strong>\u00a0na r\u00f3\u017cne zdarzenia;<\/li>\n<li>zastosowanie\u00a0<strong>czterech krok\u00f3w NVC<\/strong>\u00a0w m\u00f3wieniu o naszych uczuciach i potrzebach \u2013 \u0107wiczenia na przyk\u0142adach z \u017cycia;<\/li>\n<li>nauk\u0119 formu\u0142owania skutecznych\u00a0<strong>pr\u00f3\u015bb<\/strong>;<\/li>\n<li>odmawianie z empati\u0105 oraz przyjmowanie\u00a0<strong>odmowy<\/strong>.<\/li>\n<\/ul>\n<p>Szkolenie b\u0119dzie prowadzone\u00a0<strong>w oparciu o Porozumienie bez Przemocy (NVC)<\/strong>\u00a0i jest przeznaczone dla os\u00f3b, kt\u00f3re s\u0105 pocz\u0105tkuj\u0105ce w tym temacie. Praca odbywa\u0107 si\u0119 b\u0119dzie na forum oraz w podgrupach i parach. Podczas prowadzenia warsztat\u00f3w stosuj\u0119 g\u0142\u00f3wnie metody aktywne, anga\u017cuj\u0105ce wszystkich uczestnik\u00f3w.<\/p>\n<p>Wyra\u017canie siebie, dzielenie si\u0119 z innymi tym co si\u0119 w nas dzieje, jest ogromnym\u00a0<strong>prezentem<\/strong>, kt\u00f3ry mo\u017cemy ofiarowa\u0107 naszym najbli\u017cszym. Trzymaj\u0105c wszystko w sobie nie tylko szkodzisz sobie, ale tak\u017ce zuba\u017casz \u017cycie innych.<\/p>\n<p><strong>Przyjd\u017a na to szkolenie<\/strong>\u00a0i zobacz, jaki b\u0119dzie mia\u0142o dobroczynny wp\u0142yw na Twoje \u017cycie i relacje.<\/p>\n<p>&nbsp;<\/p>\n<h4><strong>Kiedy:<\/strong><\/h4>\n<p>30 maja 2020, godz. 10:00-16:30 (z przerw\u0105 na obiad)<\/p>\n<p>&nbsp;<\/p>\n<h4><strong>Gdzie:<\/strong><\/h4>\n<p>Siedziba Fundacji \u015aw. Jana Jerozolimskiego na Saskiej K\u0119pie, adres: ul. Kr\u00f3lowej Aldony 13, Warszawa<\/p>\n<p>&nbsp;<\/p>\n<h4><strong>Cena:<\/strong><\/h4>\n<p>Cena promocyjna przy wp\u0142acie <strong>do 11 maja<\/strong>: 199 z\u0142<\/p>\n<p>Cena regularna (od <strong>12 maja<\/strong>): 249 z\u0142<\/p>\n<p><strong>Uwaga:<\/strong>\u00a0W ten sam weekend odb\u0119dzie si\u0119 r\u00f3wnie\u017c\u00a0<a href=\"https:\/\/www.empathicway.pl\/online\/produkt\/szkolenie-podstawy-sluchania-z-empatia-warszawa\/\"><strong>szkolenie \u201ePodstawy s\u0142uchania z empati\u0105<\/strong><strong>\u201d<\/strong><\/a>\u00a0\u2013 razem stanowi\u0105 uzupe\u0142niaj\u0105ce si\u0119 wprowadzenie do Porozumienia bez Przemocy. <b>Przy zakupie <\/b><strong>obu szkole\u0144<\/strong>\u00a0zap\u0142acisz <strong>mniej<\/strong>. <a href=\"https:\/\/www.empathicway.pl\/online\/produkt\/pakiet-dwoch-szkolen-wyrazanie-swoich-uczuc-i-potrzeb-i-podstawy-sluchania-z-empatia\/\"><strong>Przejd\u017a TUTAJ<\/strong><\/a>!<\/p>\n<p>Je\u015bli kwestie finansowe s\u0105 jedyn\u0105 przeszkod\u0105 w uczestniczeniu w tym szkoleniu, prosz\u0119 o kontakt, poszukamy rozwi\u0105zania.<\/p>\n<p>&nbsp;<\/p>\n<h4><strong>Zapisy na szkolenie Wyra\u017canie swoich uczu\u0107 i potrzeb:<\/strong><\/h4>\n<div class=\"\">\n<div class=\"_1mf _1mj\">Zapisz si\u0119 przez ten sklep lub po upewnieniu si\u0119, \u017ce s\u0105 jeszcze wolne miejsca (pisz\u0105c na adres <a href=\"mailto:kontakt@empathicway.pl\">kontakt@empathicway.pl<\/a>)\u00a0zarezerwuj swoje miejsce robi\u0105c\u00a0<strong>PRZELEW<\/strong>\u00a0na poni\u017csze konto bankowe:<\/div>\n<div><\/div>\n<\/div>\n<div class=\"\">\n<div class=\"_1mf _1mj\">Magdalena Malinowska\u00a0Empathic Way<\/div>\n<\/div>\n<div class=\"\">\n<div class=\"_1mf _1mj\">72 1050 1025 1000 0097 2270 5523\u00a0 (ING)<\/div>\n<div><\/div>\n<\/div>\n<div class=\"\">\n<div class=\"_1mf _1mj\">\n<div class=\"\">\n<div class=\"_1mf _1mj\">\n<p>W <strong>tytule<\/strong> przelewu prosz\u0119 wpisa\u0107:\u00a0<strong>\u201eSzkolenie 30 maja\u201d<\/strong>\u00a0i swoje imi\u0119 i nazwisko.<\/p>\n<div><\/div>\n<\/div>\n<\/div>\n<div class=\"\">\n<div class=\"_1mf _1mj\">Wp\u0142ata jest jednoznaczna z rezerwacj\u0105 miejsca. <strong>Zwrot wp\u0142aty<\/strong> mo\u017cliwy jest maksymalnie na 7 dni przed szkoleniem, po otrzymaniu przeze mnie <strong>wiadomo\u015bci<\/strong> o rezygnacji.<\/div>\n<div><\/div>\n<\/div>\n<\/div>\n<\/div>\n<h4><strong>Kontakt:<\/strong><\/h4>\n<p>Je\u015bli masz pytania lub potrzebujesz wi\u0119cej szczeg\u00f3\u0142owych informacji zach\u0119cam do kontaktu mailowego:\u00a0<a href=\"mailto:kontakt@empathicway.pl\">kontakt@empathicway.pl<\/a><\/p>\n<p>&nbsp;<\/p>\n<h4><strong>Prowadz\u0105ca:<\/strong><\/h4>\n<p><strong><img decoding=\"async\" class=\"alignleft wp-image-1487\" src=\"https:\/\/www.empathicway.pl\/online\/wp-content\/uploads\/2018\/06\/Magdalena-Malinowska-Empathic-Way-Porozumienie-bez-Przemocy-NVC.jpg\" alt=\"Magdalena Malinowska Empathic Way Online Porozumienie bez Przemocy NVC Warszawa\" width=\"167\" height=\"167\" srcset=\"https:\/\/www.empathicway.pl\/online\/wp-content\/uploads\/2018\/06\/Magdalena-Malinowska-Empathic-Way-Porozumienie-bez-Przemocy-NVC.jpg 1259w, https:\/\/www.empathicway.pl\/online\/wp-content\/uploads\/2018\/06\/Magdalena-Malinowska-Empathic-Way-Porozumienie-bez-Przemocy-NVC-300x300.jpg 300w, https:\/\/www.empathicway.pl\/online\/wp-content\/uploads\/2018\/06\/Magdalena-Malinowska-Empathic-Way-Porozumienie-bez-Przemocy-NVC-100x100.jpg 100w, https:\/\/www.empathicway.pl\/online\/wp-content\/uploads\/2018\/06\/Magdalena-Malinowska-Empathic-Way-Porozumienie-bez-Przemocy-NVC-600x600.jpg 600w, https:\/\/www.empathicway.pl\/online\/wp-content\/uploads\/2018\/06\/Magdalena-Malinowska-Empathic-Way-Porozumienie-bez-Przemocy-NVC-150x150.jpg 150w, https:\/\/www.empathicway.pl\/online\/wp-content\/uploads\/2018\/06\/Magdalena-Malinowska-Empathic-Way-Porozumienie-bez-Przemocy-NVC-768x768.jpg 768w, https:\/\/www.empathicway.pl\/online\/wp-content\/uploads\/2018\/06\/Magdalena-Malinowska-Empathic-Way-Porozumienie-bez-Przemocy-NVC-1024x1024.jpg 1024w, https:\/\/www.empathicway.pl\/online\/wp-content\/uploads\/2018\/06\/Magdalena-Malinowska-Empathic-Way-Porozumienie-bez-Przemocy-NVC-800x800.jpg 800w\" sizes=\"(max-width: 167px) 100vw, 167px\" \/>Magdalena Malinowska<\/strong> \u2013 Certyfikowana Trenerka NVC<\/p>\n<p>Wspieram w budowaniu\u00a0<strong>satysfakcjonuj\u0105cego \u017cycia<\/strong>\u00a0i\u00a0<strong>dobrych relacji<\/strong>, prywatnych i zawodowych, poprzez szkolenia indywidualne i grupowe pog\u0142\u0119biaj\u0105ce umiej\u0119tno\u015b\u0107\u00a0<strong>skutecznej komunikacji<\/strong>. Inspiruj\u0119 do szczerego dawania\u00a0<strong>informacji zwrotnych<\/strong>\u00a0oraz otwarto\u015bci na\u00a0<strong>perspektyw\u0119<\/strong>\u00a0innych os\u00f3b. Pomagam we wdra\u017caniu\u00a0<a href=\"https:\/\/www.empathicway.pl\/porozumienie-bez-przemocy-podstawowe-informacje\/\" target=\"_blank\" rel=\"noopener noreferrer\"><strong>Porozumienia bez Przemocy (NVC)<\/strong><\/a>\u00a0m.in. w\u00a0<strong>zwi\u0105zkach<\/strong>,\u00a0<strong>firmach<\/strong>\u00a0i w\u00a0<strong>organizacjach pozarz\u0105dowych<\/strong>. Pracuj\u0119 g\u0142\u00f3wnie z osobami, kt\u00f3re pragn\u0105 czerpa\u0107 rado\u015b\u0107 i spe\u0142nienie z autentycznych relacji z innymi.<\/p>\n<p>Moje dzia\u0142ania oparte s\u0105 o\u00a0<strong>Porozumienie bez Przemocy (NVC)<\/strong>, kt\u00f3rego tw\u00f3rc\u0105 jest\u00a0<a href=\"https:\/\/www.empathicway.pl\/marshall-b-rosenberg\/\" target=\"_blank\" rel=\"noopener noreferrer\"><strong>Marshall B. Rosenberg<\/strong><\/a>, o metody\u00a0<strong>edukacji pozaformalnej<\/strong>\u00a0oraz podej\u015bcie\u00a0<strong>Coaching for Transformation<\/strong>. Prowadz\u0119 firm\u0119\u00a0<strong>Empathic Way<\/strong>\u00a0(www.empathicway.pl), w ramach kt\u00f3rej propaguj\u0119\u00a0<strong>Porozumienie bez Przemocy (NVC)<\/strong> oraz rozpowszechniam szczere i jasne wyra\u017canie siebie oraz s\u0142uchanie innych z szacunkiem i empati\u0105. Przez dwa lata powadzi\u0142am <a href=\"https:\/\/www.empathicway.pl\/wydarzenie\/warszawska-grupa-empatii\/\" target=\"_blank\" rel=\"noopener noreferrer\"><strong>Warszawsk\u0105 Grup\u0119 Empatii<\/strong><\/a>, oferuj\u0119 regularne warsztaty grupowe i szkolenia indywidualne zar\u00f3wno w j\u0119zyku\u00a0<strong>polskim<\/strong>, jak i\u00a0<strong>angielskim<\/strong>. Jestem autork\u0105\u00a0<a href=\"http:\/\/online.empathicway.pl\/cztery-kroki-do-lepszej-relacji-z-innymi-i-soba\/\" target=\"_blank\" rel=\"noopener noreferrer\"><strong>kursu online \u201eCztery kroki do lepszej relacji z innymi i sob\u0105\u201d<\/strong><\/a>.<\/p>\n<p>Uko\u0144czy\u0142am\u00a0<strong>psychologi\u0119 stosunk\u00f3w mi\u0119dzykulturowych<\/strong>\u00a0w Szkole Wy\u017cszej Psychologii Spo\u0142ecznej w Warszawie, roczn\u0105 Szko\u0142\u0119 Treningu i Warsztatu Psychologicznego w O\u015brodku Edukacji i Pomocy Psychologicznej INTRA, trzyletni\u0105\u00a0<strong>Szko\u0142\u0119 Trener\u00f3w Komunikacji opartej na Empatii<\/strong>\u00a0w Dojrzewalni R\u00f3\u017c oraz szkolenie\u00a0<strong>\u201eCoaching oparty na potrzebach\u201d<\/strong>\u00a0prowadzone przez\u00a0Pernille Plantener z Danii, kt\u00f3ra jest akredytowanym coachem PCC ICF oraz Coaching for Transformation. Uko\u0144czy\u0142am te\u017c\u00a0<strong>studia podyplomowe\u00a0Life Coaching Start Up<\/strong>\u00a0w Collegium Civitas, kt\u00f3rego program zosta\u0142 zaakceptowany przez ICF (Approved Coach Specific Training Hours ACSTH).<\/p>\n<p>Porozumienie bez Przemocy pozna\u0142am w\u00a0<strong>2010 roku<\/strong>\u00a0i \u201eprzepad\u0142am\u201d na zawsze.\u00a0<strong>Trenerki i trenerzy<\/strong>, od kt\u00f3rych uczy\u0142am si\u0119 Porozumienia bez Przemocy to\u00a0m.in.: Miki Kashtan, Yoram Mosenzon, Roxy Manning, Sabine Geiger, Kay Rung, Liv Larsson, Joanna M\u0142ynarz, Lucyna Wieczorek, Ewa Or\u0142owska, Pernille Plantener, Towe Widstrand, Shona Cameron, Deborah Bellamy, Joachim Berggren, Aga Rzewuska-Paca i Magdalena Sendor.<\/p>\n<p><strong>Prowadzi\u0142am warsztaty<\/strong>\u00a0mi\u0119dzy innymi dla Fundacji Dajemy Dzieciom Si\u0142\u0119 (dawniej Dzieci Niczyje), Fundacji EY, dla uczestnik\u00f3w Festiwalu Progressteron i dla student\u00f3w Akademii Pedagogiki Specjalnej. Mam prawie dziesi\u0119cioletnie do\u015bwiadczenie w edukacji pozaformalnej oraz we wsp\u00f3\u0142pracy z organizacjami pozarz\u0105dowymi.<\/p>\n<p><strong>Wsp\u00f3\u0142organizowa\u0142am<\/strong>\u00a0<a href=\"https:\/\/maratonempatii.blogspot.com\/\" target=\"_blank\" rel=\"noopener noreferrer\"><strong>Maraton Empatii<\/strong><\/a>\u00a0w 2016 roku oraz dwie edycje\u00a0<a href=\"https:\/\/polskifestiwalnvc.pl\/\" target=\"_blank\" rel=\"noopener noreferrer\"><strong>Polskiego Festiwalu NVC<\/strong><\/a>\u00a0(w 2017 i 2018 roku). Zorganizowa\u0142am mi\u0119dzynarodowy projekt\u00a0<a href=\"http:\/\/www.empathiceurope.com\/time-for-empathy\/\" target=\"_blank\" rel=\"noopener noreferrer\"><strong>Time for Empathy<\/strong><\/a>, w ramach kt\u00f3rego trenerzy z ca\u0142ej Europy dzielili si\u0119 za darmo swoj\u0105 wiedz\u0105 z zakresu NVC.<\/p>\n<div class=\"\">\n<div class=\"_1mf _1mj\"><\/div>\n<\/div>\n<p>Wi\u0119cej informacji:\u00a0<a href=\"https:\/\/www.empathicway.pl\/\">www.empathicway.pl<\/a>,<a href=\"https:\/\/www.facebook.com\/empathicwaypl\/\">https:\/\/www.facebook.com\/empathicwaypl\/<\/a><\/p>\n<p><a href=\"mailto:kontakt@empathicway.pl\">kontakt@empathicway.pl<\/a><\/p>\n<p>&nbsp;<\/p>\n<div class=\"\">\n<h4 class=\"_1mf _1mj\"><strong>Co o mnie napisali uczestnicy ostatnich szkole\u0144, kt\u00f3re prowadzi\u0142am?<\/strong><\/h4>\n<p>\u2013 \u201eDowiesz si\u0119 wi\u0119cej o sobie, poznasz ciekawe \u0107wiczenia, wyjdziesz ze spokojn\u0105 g\u0142ow\u0105 i poczuciem dystansu do siebie i \u017cycia. Masz wyb\u00f3r!\u201d Marcela, uczestniczka szkolenia \u201eWyra\u017canie swoich uczu\u0107 i potrzeb\u201d oraz \u201ePodstawy s\u0142uchania z empati\u0105\u201d<\/p>\n<p>\u2013 \u201eBardzo polecam warsztaty z Magd\u0105. Je\u017celi chcesz zmieni\u0107 dotychczasowe nawyki i schematy, nie boisz si\u0119 wyzwa\u0144 i pragniesz budowa\u0107 prawdziwe relacje \u2013 to szkolenie jest dla Ciebie.\u201d \u0141ukasz, uczestnik szkolenia \u201eWyra\u017canie swoich uczu\u0107 i potrzeb\u201d oraz \u201ePodstawy s\u0142uchania z empati\u0105\u201d<\/p>\n<p>\u2013 \u201eTo szkolenie powinien przej\u015b\u0107 ka\u017cdy cz\u0142owiek! Uwa\u017cam, \u017ce NVC to droga do lepszego \u015bwiata. To by\u0142 bardzo efektywny czas. Warsztaty prowadzone by\u0142y w spos\u00f3b klarowny i usystematyzowany. Chcia\u0142abym przyj\u015b\u0107 na wi\u0119cej :)\u201d Kasia, uczestniczka szkolenia \u201eWyra\u017canie swoich uczu\u0107 i potrzeb\u201d oraz \u201ePodstawy s\u0142uchania z empati\u0105\u201d<\/p>\n<p>\u2013 \u201e4 kroki s\u0105 super. Id\u017acie na szkolenie, to si\u0119 dowiecie czemu.\u201d Pawe\u0142, uczestnik szkolenia \u201eWyra\u017canie swoich uczu\u0107 i potrzeb\u201d oraz \u201ePodstawy s\u0142uchania z empati\u0105\u201d<\/p>\n<p>\u2013 \u201eMagda prowadzi zaj\u0119cia z pasj\u0105 i znawstwem tematu NVC. Na warsztacie stosuje r\u00f3\u017cne techniki nauki: karty, praca w grupach, studium swojego przypadku, kalambury.\u00a0To sprawia, \u017ce kurs nie d\u0142u\u017cy si\u0119 i zach\u0119ca do pracy.\u00a0Magda ch\u0119tnie odpowiada na wszelkie pytania i w\u0105tpliwo\u015bci. Jest mi\u0142a, empatyczna i zaanga\u017cowana, pilnuje czasu i kolejno\u015bci zaj\u0119\u0107.\u00a0Na warsztatach otrzyma\u0142am wiele materia\u0142\u00f3w wydrukowanych z podpowiedziami i schematami zg\u0142\u0119bianego tematu. Warsztat wzbogaci\u0142 moj\u0105 wiedz\u0119 o NVC i zach\u0119ci\u0142 mnie do dalszego trenowania technik porozumienia bez przemocy. Dzi\u0119kuj\u0119.\u201d\u00a0Magda, uczestniczka szkolenia \u201eWyra\u017canie swoich uczu\u0107 i potrzeb\u201d<\/p>\n<p>\u2013 \u201eWzi\u0119\u0142am udzia\u0142 w szkoleniu \u201cWyra\u017canie swoich uczu\u0107 i potrzeb\u201d chc\u0105c polepszy\u0107 swoj\u0105 relacj\u0119 ze sob\u0105, ze swoimi bliskimi i najbli\u017cszym otoczeniem. Na szkoleniu pozna\u0142am teori\u0119 NVC oraz mia\u0142am mo\u017cliwo\u015b\u0107 wzi\u0105\u0107 udzia\u0142 w praktycznych \u0107wiczeniach\u201d Katarzyna Zawodzi\u0144ska<\/p>\n<p>\u2013 \u201eRekomenduj\u0119 to szkolenie nie tylko pocz\u0105tkuj\u0105cym w NVC. Warsztatowa forma pozwala si\u0119 rozwija\u0107 i by\u0107 sprawniejszym w codziennym stosowaniu NVC\u201d Julita<\/p>\n<p>\u2013 \u201eNauczy\u0142am si\u0119 nie interpretowa\u0107, ocenia\u0107 i radzi\u0107, ale wys\u0142ucha\u0107 w pierwszej kolejno\u015bci\u201d<\/p>\n<p>\u2013 \u201eTroch\u0119 zbyt wcze\u015bnie o tym m\u00f3wi\u0107, ale jestem pozytywnie nastawiona do wypr\u00f3bowywania w praktyce poznanych metod. S\u0105 ju\u017c pierwsze sukcesy\u201d<\/p>\n<p>\u2013 \u201ePog\u0142\u0119bi\u0142am refleksj\u0119 o mojej postawie, przyjrza\u0142am si\u0119 aspektom, kt\u00f3re mnie niepokoi\u0142y. Ch\u0119tnie wezm\u0119 udzia\u0142 w kolejnych spotkaniach.\u201d<\/p>\n<\/div>\n","protected":false},"excerpt":{"rendered":"<p>Uwaga: w chwili obecnej prowadz\u0119 szkolenia g\u0142\u00f3wnie online. Zapraszam do udzia\u0142u m.in. w Szkoleniu NVC w oparciu o kurs online \u201eCztery kroki do lepszej relacji&hellip;<\/p>\n","protected":false},"featured_media":2170,"template":"","meta":{"_monsterinsights_skip_tracking":false,"_monsterinsights_sitenote_active":false,"_monsterinsights_sitenote_note":"","_monsterinsights_sitenote_category":0},"product_brand":[],"product_cat":[37],"product_tag":[62,61,82,80],"class_list":{"0":"post-541","1":"product","2":"type-product","3":"status-publish","4":"has-post-thumbnail","6":"product_cat-szkolenia-stacjonarne","7":"product_tag-nvc","8":"product_tag-porozumienie-bez-przemocy","9":"product_tag-szczerosc","10":"product_tag-szkolenie-z-nvc","12":"first","13":"outofstock","14":"featured","15":"virtual","16":"purchasable","17":"product-type-simple"},"yoast_head":"<!-- This site is optimized with the Yoast SEO plugin v27.2 - https:\/\/yoast.com\/product\/yoast-seo-wordpress\/ -->\n<title>Szkolenie Wyra\u017canie swoich uczu\u0107 i potrzeb \u2013 Warszawa, 30 maja 2020 - Empathic Way Online | Porozumienie bez Przemocy w praktyce<\/title>\n<meta name=\"description\" content=\"Szkolenie stacjonarne Wyra\u017canie swoich uczu\u0107 i potrzeb jest dla os\u00f3b, kt\u00f3re chc\u0105 nauczy\u0107 si\u0119 szczerze i otwarcie wyra\u017ca\u0107 siebie bez ranienia.\" \/>\n<meta name=\"robots\" content=\"index, follow, max-snippet:-1, max-image-preview:large, max-video-preview:-1\" \/>\n<link rel=\"canonical\" href=\"https:\/\/www.empathicway.pl\/online\/produkt\/szkolenie-wyrazanie-swoich-uczuc-i-potrzeb-warszawa\/\" \/>\n<meta property=\"og:locale\" content=\"pl_PL\" \/>\n<meta property=\"og:type\" content=\"article\" \/>\n<meta property=\"og:title\" content=\"Szkolenie Wyra\u017canie swoich uczu\u0107 i potrzeb \u2013 Warszawa, 30 maja 2020 - Empathic Way Online | Porozumienie bez Przemocy w praktyce\" \/>\n<meta property=\"og:description\" content=\"Szkolenie stacjonarne Wyra\u017canie swoich uczu\u0107 i potrzeb jest dla os\u00f3b, kt\u00f3re chc\u0105 nauczy\u0107 si\u0119 szczerze i otwarcie wyra\u017ca\u0107 siebie bez ranienia.\" \/>\n<meta property=\"og:url\" content=\"https:\/\/www.empathicway.pl\/online\/produkt\/szkolenie-wyrazanie-swoich-uczuc-i-potrzeb-warszawa\/\" \/>\n<meta property=\"og:site_name\" content=\"Empathic Way Online | Porozumienie bez Przemocy w praktyce\" \/>\n<meta property=\"article:publisher\" content=\"https:\/\/www.facebook.com\/empathicwaypl\/\" \/>\n<meta property=\"article:modified_time\" content=\"2025-08-08T08:58:33+00:00\" \/>\n<meta property=\"og:image\" content=\"https:\/\/www.empathicway.pl\/online\/wp-content\/uploads\/2018\/06\/Szkolenie-Wyrazanie-swoich-uczuc-i-potrzeb-maj-NVC-Warszawa-Empathic-Way-Online.png\" \/>\n\t<meta property=\"og:image:width\" content=\"1080\" \/>\n\t<meta property=\"og:image:height\" content=\"1080\" \/>\n\t<meta property=\"og:image:type\" content=\"image\/png\" \/>\n<meta name=\"twitter:card\" content=\"summary_large_image\" \/>\n<meta name=\"twitter:label1\" content=\"Szacowany czas czytania\" \/>\n\t<meta name=\"twitter:data1\" content=\"10 minut\" \/>\n<script type=\"application\/ld+json\" class=\"yoast-schema-graph\">{\"@context\":\"https:\/\/schema.org\",\"@graph\":[{\"@type\":\"WebPage\",\"@id\":\"https:\/\/www.empathicway.pl\/online\/produkt\/szkolenie-wyrazanie-swoich-uczuc-i-potrzeb-warszawa\/\",\"url\":\"https:\/\/www.empathicway.pl\/online\/produkt\/szkolenie-wyrazanie-swoich-uczuc-i-potrzeb-warszawa\/\",\"name\":\"Szkolenie Wyra\u017canie swoich uczu\u0107 i potrzeb \u2013 Warszawa, 30 maja 2020 - Empathic Way Online | Porozumienie bez Przemocy w praktyce\",\"isPartOf\":{\"@id\":\"https:\/\/www.empathicway.pl\/online\/#website\"},\"primaryImageOfPage\":{\"@id\":\"https:\/\/www.empathicway.pl\/online\/produkt\/szkolenie-wyrazanie-swoich-uczuc-i-potrzeb-warszawa\/#primaryimage\"},\"image\":{\"@id\":\"https:\/\/www.empathicway.pl\/online\/produkt\/szkolenie-wyrazanie-swoich-uczuc-i-potrzeb-warszawa\/#primaryimage\"},\"thumbnailUrl\":\"https:\/\/www.empathicway.pl\/online\/wp-content\/uploads\/2018\/06\/Szkolenie-Wyrazanie-swoich-uczuc-i-potrzeb-maj-NVC-Warszawa-Empathic-Way-Online.png\",\"datePublished\":\"2018-06-07T06:00:08+00:00\",\"dateModified\":\"2025-08-08T08:58:33+00:00\",\"description\":\"Szkolenie stacjonarne Wyra\u017canie swoich uczu\u0107 i potrzeb jest dla os\u00f3b, kt\u00f3re chc\u0105 nauczy\u0107 si\u0119 szczerze i otwarcie wyra\u017ca\u0107 siebie bez ranienia.\",\"breadcrumb\":{\"@id\":\"https:\/\/www.empathicway.pl\/online\/produkt\/szkolenie-wyrazanie-swoich-uczuc-i-potrzeb-warszawa\/#breadcrumb\"},\"inLanguage\":\"pl-PL\",\"potentialAction\":[{\"@type\":\"ReadAction\",\"target\":[\"https:\/\/www.empathicway.pl\/online\/produkt\/szkolenie-wyrazanie-swoich-uczuc-i-potrzeb-warszawa\/\"]}]},{\"@type\":\"ImageObject\",\"inLanguage\":\"pl-PL\",\"@id\":\"https:\/\/www.empathicway.pl\/online\/produkt\/szkolenie-wyrazanie-swoich-uczuc-i-potrzeb-warszawa\/#primaryimage\",\"url\":\"https:\/\/www.empathicway.pl\/online\/wp-content\/uploads\/2018\/06\/Szkolenie-Wyrazanie-swoich-uczuc-i-potrzeb-maj-NVC-Warszawa-Empathic-Way-Online.png\",\"contentUrl\":\"https:\/\/www.empathicway.pl\/online\/wp-content\/uploads\/2018\/06\/Szkolenie-Wyrazanie-swoich-uczuc-i-potrzeb-maj-NVC-Warszawa-Empathic-Way-Online.png\",\"width\":1080,\"height\":1080,\"caption\":\"Szkolenie Wyra\u017canie swoich uczu\u0107 i potrzeb Empathic Way Online Magdalena Malinowska Porozumienie bez Przemocy NVC\"},{\"@type\":\"BreadcrumbList\",\"@id\":\"https:\/\/www.empathicway.pl\/online\/produkt\/szkolenie-wyrazanie-swoich-uczuc-i-potrzeb-warszawa\/#breadcrumb\",\"itemListElement\":[{\"@type\":\"ListItem\",\"position\":1,\"name\":\"Strona g\u0142\u00f3wna\",\"item\":\"https:\/\/www.empathicway.pl\/online\/\"},{\"@type\":\"ListItem\",\"position\":2,\"name\":\"Sklep\",\"item\":\"https:\/\/www.empathicway.pl\/online\/sklep\/\"},{\"@type\":\"ListItem\",\"position\":3,\"name\":\"Szkolenie Wyra\u017canie swoich uczu\u0107 i potrzeb \u2013 Warszawa, 30 maja 2020\"}]},{\"@type\":\"WebSite\",\"@id\":\"https:\/\/www.empathicway.pl\/online\/#website\",\"url\":\"https:\/\/www.empathicway.pl\/online\/\",\"name\":\"Empathic Way Online | Komunikacja empatyczna krok po kroku\",\"description\":\"Platforma szkoleniowa Empathic Way\",\"publisher\":{\"@id\":\"https:\/\/www.empathicway.pl\/online\/#organization\"},\"potentialAction\":[{\"@type\":\"SearchAction\",\"target\":{\"@type\":\"EntryPoint\",\"urlTemplate\":\"https:\/\/www.empathicway.pl\/online\/?s={search_term_string}\"},\"query-input\":{\"@type\":\"PropertyValueSpecification\",\"valueRequired\":true,\"valueName\":\"search_term_string\"}}],\"inLanguage\":\"pl-PL\"},{\"@type\":\"Organization\",\"@id\":\"https:\/\/www.empathicway.pl\/online\/#organization\",\"name\":\"Empathic Way\",\"url\":\"https:\/\/www.empathicway.pl\/online\/\",\"logo\":{\"@type\":\"ImageObject\",\"inLanguage\":\"pl-PL\",\"@id\":\"https:\/\/www.empathicway.pl\/online\/#\/schema\/logo\/image\/\",\"url\":\"https:\/\/www.empathicway.pl\/online\/wp-content\/uploads\/2017\/10\/Empathic-Way-Online-logo-www.png\",\"contentUrl\":\"https:\/\/www.empathicway.pl\/online\/wp-content\/uploads\/2017\/10\/Empathic-Way-Online-logo-www.png\",\"width\":2892,\"height\":657,\"caption\":\"Empathic Way\"},\"image\":{\"@id\":\"https:\/\/www.empathicway.pl\/online\/#\/schema\/logo\/image\/\"},\"sameAs\":[\"https:\/\/www.facebook.com\/empathicwaypl\/\"]}]}<\/script>\n<!-- \/ Yoast SEO plugin. -->","yoast_head_json":{"title":"Szkolenie Wyra\u017canie swoich uczu\u0107 i potrzeb \u2013 Warszawa, 30 maja 2020 - Empathic Way Online | Porozumienie bez Przemocy w praktyce","description":"Szkolenie stacjonarne Wyra\u017canie swoich uczu\u0107 i potrzeb jest dla os\u00f3b, kt\u00f3re chc\u0105 nauczy\u0107 si\u0119 szczerze i otwarcie wyra\u017ca\u0107 siebie bez ranienia.","robots":{"index":"index","follow":"follow","max-snippet":"max-snippet:-1","max-image-preview":"max-image-preview:large","max-video-preview":"max-video-preview:-1"},"canonical":"https:\/\/www.empathicway.pl\/online\/produkt\/szkolenie-wyrazanie-swoich-uczuc-i-potrzeb-warszawa\/","og_locale":"pl_PL","og_type":"article","og_title":"Szkolenie Wyra\u017canie swoich uczu\u0107 i potrzeb \u2013 Warszawa, 30 maja 2020 - Empathic Way Online | Porozumienie bez Przemocy w praktyce","og_description":"Szkolenie stacjonarne Wyra\u017canie swoich uczu\u0107 i potrzeb jest dla os\u00f3b, kt\u00f3re chc\u0105 nauczy\u0107 si\u0119 szczerze i otwarcie wyra\u017ca\u0107 siebie bez ranienia.","og_url":"https:\/\/www.empathicway.pl\/online\/produkt\/szkolenie-wyrazanie-swoich-uczuc-i-potrzeb-warszawa\/","og_site_name":"Empathic Way Online | Porozumienie bez Przemocy w praktyce","article_publisher":"https:\/\/www.facebook.com\/empathicwaypl\/","article_modified_time":"2025-08-08T08:58:33+00:00","og_image":[{"width":1080,"height":1080,"url":"https:\/\/www.empathicway.pl\/online\/wp-content\/uploads\/2018\/06\/Szkolenie-Wyrazanie-swoich-uczuc-i-potrzeb-maj-NVC-Warszawa-Empathic-Way-Online.png","type":"image\/png"}],"twitter_card":"summary_large_image","twitter_misc":{"Szacowany czas czytania":"10 minut"},"schema":{"@context":"https:\/\/schema.org","@graph":[{"@type":"WebPage","@id":"https:\/\/www.empathicway.pl\/online\/produkt\/szkolenie-wyrazanie-swoich-uczuc-i-potrzeb-warszawa\/","url":"https:\/\/www.empathicway.pl\/online\/produkt\/szkolenie-wyrazanie-swoich-uczuc-i-potrzeb-warszawa\/","name":"Szkolenie Wyra\u017canie swoich uczu\u0107 i potrzeb \u2013 Warszawa, 30 maja 2020 - Empathic Way Online | Porozumienie bez Przemocy w praktyce","isPartOf":{"@id":"https:\/\/www.empathicway.pl\/online\/#website"},"primaryImageOfPage":{"@id":"https:\/\/www.empathicway.pl\/online\/produkt\/szkolenie-wyrazanie-swoich-uczuc-i-potrzeb-warszawa\/#primaryimage"},"image":{"@id":"https:\/\/www.empathicway.pl\/online\/produkt\/szkolenie-wyrazanie-swoich-uczuc-i-potrzeb-warszawa\/#primaryimage"},"thumbnailUrl":"https:\/\/www.empathicway.pl\/online\/wp-content\/uploads\/2018\/06\/Szkolenie-Wyrazanie-swoich-uczuc-i-potrzeb-maj-NVC-Warszawa-Empathic-Way-Online.png","datePublished":"2018-06-07T06:00:08+00:00","dateModified":"2025-08-08T08:58:33+00:00","description":"Szkolenie stacjonarne Wyra\u017canie swoich uczu\u0107 i potrzeb jest dla os\u00f3b, kt\u00f3re chc\u0105 nauczy\u0107 si\u0119 szczerze i otwarcie wyra\u017ca\u0107 siebie bez ranienia.","breadcrumb":{"@id":"https:\/\/www.empathicway.pl\/online\/produkt\/szkolenie-wyrazanie-swoich-uczuc-i-potrzeb-warszawa\/#breadcrumb"},"inLanguage":"pl-PL","potentialAction":[{"@type":"ReadAction","target":["https:\/\/www.empathicway.pl\/online\/produkt\/szkolenie-wyrazanie-swoich-uczuc-i-potrzeb-warszawa\/"]}]},{"@type":"ImageObject","inLanguage":"pl-PL","@id":"https:\/\/www.empathicway.pl\/online\/produkt\/szkolenie-wyrazanie-swoich-uczuc-i-potrzeb-warszawa\/#primaryimage","url":"https:\/\/www.empathicway.pl\/online\/wp-content\/uploads\/2018\/06\/Szkolenie-Wyrazanie-swoich-uczuc-i-potrzeb-maj-NVC-Warszawa-Empathic-Way-Online.png","contentUrl":"https:\/\/www.empathicway.pl\/online\/wp-content\/uploads\/2018\/06\/Szkolenie-Wyrazanie-swoich-uczuc-i-potrzeb-maj-NVC-Warszawa-Empathic-Way-Online.png","width":1080,"height":1080,"caption":"Szkolenie Wyra\u017canie swoich uczu\u0107 i potrzeb Empathic Way Online Magdalena Malinowska Porozumienie bez Przemocy NVC"},{"@type":"BreadcrumbList","@id":"https:\/\/www.empathicway.pl\/online\/produkt\/szkolenie-wyrazanie-swoich-uczuc-i-potrzeb-warszawa\/#breadcrumb","itemListElement":[{"@type":"ListItem","position":1,"name":"Strona g\u0142\u00f3wna","item":"https:\/\/www.empathicway.pl\/online\/"},{"@type":"ListItem","position":2,"name":"Sklep","item":"https:\/\/www.empathicway.pl\/online\/sklep\/"},{"@type":"ListItem","position":3,"name":"Szkolenie Wyra\u017canie swoich uczu\u0107 i potrzeb \u2013 Warszawa, 30 maja 2020"}]},{"@type":"WebSite","@id":"https:\/\/www.empathicway.pl\/online\/#website","url":"https:\/\/www.empathicway.pl\/online\/","name":"Empathic Way Online | Komunikacja empatyczna krok po kroku","description":"Platforma szkoleniowa Empathic Way","publisher":{"@id":"https:\/\/www.empathicway.pl\/online\/#organization"},"potentialAction":[{"@type":"SearchAction","target":{"@type":"EntryPoint","urlTemplate":"https:\/\/www.empathicway.pl\/online\/?s={search_term_string}"},"query-input":{"@type":"PropertyValueSpecification","valueRequired":true,"valueName":"search_term_string"}}],"inLanguage":"pl-PL"},{"@type":"Organization","@id":"https:\/\/www.empathicway.pl\/online\/#organization","name":"Empathic Way","url":"https:\/\/www.empathicway.pl\/online\/","logo":{"@type":"ImageObject","inLanguage":"pl-PL","@id":"https:\/\/www.empathicway.pl\/online\/#\/schema\/logo\/image\/","url":"https:\/\/www.empathicway.pl\/online\/wp-content\/uploads\/2017\/10\/Empathic-Way-Online-logo-www.png","contentUrl":"https:\/\/www.empathicway.pl\/online\/wp-content\/uploads\/2017\/10\/Empathic-Way-Online-logo-www.png","width":2892,"height":657,"caption":"Empathic Way"},"image":{"@id":"https:\/\/www.empathicway.pl\/online\/#\/schema\/logo\/image\/"},"sameAs":["https:\/\/www.facebook.com\/empathicwaypl\/"]}]}},"_links":{"self":[{"href":"https:\/\/www.empathicway.pl\/online\/wp-json\/wp\/v2\/product\/541","targetHints":{"allow":["GET"]}}],"collection":[{"href":"https:\/\/www.empathicway.pl\/online\/wp-json\/wp\/v2\/product"}],"about":[{"href":"https:\/\/www.empathicway.pl\/online\/wp-json\/wp\/v2\/types\/product"}],"version-history":[{"count":2,"href":"https:\/\/www.empathicway.pl\/online\/wp-json\/wp\/v2\/product\/541\/revisions"}],"predecessor-version":[{"id":9179,"href":"https:\/\/www.empathicway.pl\/online\/wp-json\/wp\/v2\/product\/541\/revisions\/9179"}],"wp:featuredmedia":[{"embeddable":true,"href":"https:\/\/www.empathicway.pl\/online\/wp-json\/wp\/v2\/media\/2170"}],"wp:attachment":[{"href":"https:\/\/www.empathicway.pl\/online\/wp-json\/wp\/v2\/media?parent=541"}],"wp:term":[{"taxonomy":"product_brand","embeddable":true,"href":"https:\/\/www.empathicway.pl\/online\/wp-json\/wp\/v2\/product_brand?post=541"},{"taxonomy":"product_cat","embeddable":true,"href":"https:\/\/www.empathicway.pl\/online\/wp-json\/wp\/v2\/product_cat?post=541"},{"taxonomy":"product_tag","embeddable":true,"href":"https:\/\/www.empathicway.pl\/online\/wp-json\/wp\/v2\/product_tag?post=541"}],"curies":[{"name":"wp","href":"https:\/\/api.w.org\/{rel}","templated":true}]}}